{"id":1571,"date":"2024-02-20T18:00:30","date_gmt":"2024-02-20T21:00:30","guid":{"rendered":"https:\/\/ipesco-scr.infd.edu.ar\/sitio\/planes-de-estudio\/"},"modified":"2024-02-20T18:00:32","modified_gmt":"2024-02-20T21:00:32","slug":"planes-de-estudio","status":"publish","type":"page","link":"https:\/\/ipesco-scr.infd.edu.ar\/sitio\/planes-de-estudio\/","title":{"rendered":"Planes de Estudio"},"content":{"rendered":"<table style=\"width: 100%;\" border=\"0\">\n<tbody>\n<tr style=\"height: 23px;\">\n<td style=\"border: 1px solid #000000; height: 23px;\" colspan=\"5\">\n<h2 style=\"margin-top: 0px; margin-bottom: 0px; padding-bottom: 0px; text-align: center;\"><span style=\"font-family: 'arial black', 'avant garde';\">Planes de Estudio de los Profesorados<\/span><\/h2>\n<\/td>\n<\/tr>\n<tr style=\"height: 82px;\">\n<td style=\"border: 1px solid #000000; height: 82px;\" colspan=\"5\"><span style=\"font-family: arial, helvetica, sans-serif; font-size: 10pt;\">La formaci\u00f3n docente comprende dos momentos principales: la formaci\u00f3n docente inicial que refiere al trayecto que el estudiante realiza en el profesorado hasta finalizar sus estudios, y la formaci\u00f3n permanente, la cual es desarrollada por el docente a lo largo de toda su carrera.<\/span><\/td>\n<\/tr>\n<tr style=\"height: 43px;\">\n<td style=\"background-color: #000000; border: 1px solid #000000; height: 43px;\" colspan=\"5\">\n<h3 style=\"text-align: center;\"><span style=\"color: #ffffff;\">\u00a0<span style=\"font-family: 'arial black', 'avant garde';\">La formaci\u00f3n docente inicial<\/span><\/span><\/h3>\n<\/td>\n<\/tr>\n<tr style=\"height: 111px;\">\n<td style=\"border: 1px solid #000000; height: 111px;\" colspan=\"5\">La formaci\u00f3n dcoente inicial prepara para el ejercicio de la docencia, un trabajo profesional que tiene efectos significativos, tanto en los procesos educativos como en los resultados de la ense\u00f1anza, en tanto facilita las posibilidades de desarrollo de los alumnos y genera condiciones para la concreci\u00f3n efectiva del derecho a la educaci\u00f3n.<\/p>\n<p>Los estudiantes de carreras de formaci\u00f3n docente, recorrer\u00e1n durante su trayecto formativo, y durante cada uno de los cuatro a\u00f1os acad\u00e9micos, tres campos de formaci\u00f3n:<\/td>\n<\/tr>\n<tr style=\"height: 97px;\">\n<td style=\"border: 1px solid #000000; height: 97px;\" colspan=\"5\">\n<table border=\"0\">\n<tbody>\n<tr>\n<td style=\"border: 1px solid #000000;\">\n<div><strong>FORMACI\u00d3N\u00a0<\/strong><\/div>\n<div><strong>GENERAL<\/strong><\/div>\n<\/td>\n<td style=\"border: 1px solid #000000;\">Dirigida a desarrollar una s\u00f3lida formaci\u00f3n human\u00edstica y al dominio de los marcos conceptuales, interpretativos y valorativos para el an\u00e1lisis y comprensi\u00f3n de la cultura, el tiempo y contexto hist\u00f3rico, la educaci\u00f3n, la ense\u00f1anza, el aprendizaje, y la formaci\u00f3n del juicio profesional para la actuaci\u00f3n en contextos socio-culturales.<\/td>\n<\/tr>\n<\/tbody>\n<\/table>\n<\/td>\n<\/tr>\n<tr style=\"height: 97px;\">\n<td style=\"border: 1px solid #000000; height: 97px;\" colspan=\"5\">\n<table border=\"0\">\n<tbody>\n<tr>\n<td style=\"border: 1px solid #000000;\">\n<div><strong>FORMACI\u00d3N<\/strong><\/div>\n<div><strong>ESPEC\u00cdFICA<\/strong><\/div>\n<\/td>\n<td style=\"border: 1px solid #000000;\">Dirigida al estudio de la\/s disciplina\/s espec\u00edficas para la ense\u00f1anza en la especialidad en que se forman, la did\u00e1ctica y las tecnolog\u00edas educativas particulares, as\u00ed como de las caracter\u00edsticas y necesidades de los alumnos en los niveles individual y colectivo, en el nivel del sistema educativo, especialidad o modalidad educativa para la que se forman.<\/td>\n<\/tr>\n<\/tbody>\n<\/table>\n<\/td>\n<\/tr>\n<tr style=\"height: 140px;\">\n<td style=\"border: 1px solid #000000; height: 140px;\" colspan=\"5\">\n<table border=\"0\">\n<tbody>\n<tr>\n<td style=\"border: 1px solid #000000;\"><strong>FORMACI\u00d3N<\/strong><\/p>\n<p><strong>DE LA<\/strong><\/p>\n<p><strong>PR\u00c1CTICA<\/strong><\/p>\n<p><strong>PROF.<\/strong><\/td>\n<td style=\"border: 1px solid #000000;\">Orientada al aprendizaje de las capacidades para la actuaci\u00f3n decente en las instituciones educativas y en las aulas, a trav\u00e9s de la participaci\u00f3n e incorporaci\u00f3n progresiva en distintos contextos socio-educativos. \u00a0Se inicia, desde el comienzo de la formaci\u00f3n, en actividades de campo (de observaci\u00f3n, participaci\u00f3n y cooperaci\u00f3n en las escuelas y la comunidad, incluyendo la sistematizaci\u00f3n y an\u00e1lisis de las informaciones relevadas), as\u00ed como en situaciones did\u00e1cticas prefiguradas en el aula del instituto (estudio de casos, an\u00e1lisis de experiencias, microclases) y se incrementa progresivamente en pr\u00e1cticas docentes en las aulas, culminando en la residencia pedag\u00f3gica integral en el 4\u00b0 a\u00f1o.<\/td>\n<\/tr>\n<\/tbody>\n<\/table>\n<\/td>\n<\/tr>\n<tr style=\"height: 13px;\">\n<td style=\"border: 1px solid #000000; height: 13px;\" colspan=\"5\"><\/td>\n<\/tr>\n<tr style=\"height: 16px;\">\n<td style=\"border: 1px solid #000000; height: 16px;\" colspan=\"5\">\n<h3 style=\"margin-top: 0px; margin-bottom: 0px; padding-bottom: 0px; text-align: center;\">Dise\u00f1os Curriculares &#8211; Resoluciones Pte. CPE &#8211; Acuerdos CPE<\/h3>\n<\/td>\n<\/tr>\n<tr style=\"height: 162px;\">\n<td style=\"border: 1px solid #000000; height: 162px;\">\n<div style=\"text-align: center;\"><a title=\"Profesorado de Artes Visuales_Resoluci\u00f3n_2704\/11_Dise\u00f1o_Curricular\" href=\"upload\/PAV_RES_2704_11.pdf\" target=\"_blank\" rel=\"noopener\"><img decoding=\"async\" title=\"PAV_RES_2704_11\" src=\"https:\/\/ipesco-scr.infd.edu.ar\/sitio\/wp-content\/uploads\/2018\/08\/PAV_RES_2704_11.png\" alt=\"PAV_RES_2704_11\" border=\"0\" \/><\/a><\/div>\n<\/td>\n<td style=\"border: 1px solid #000000; height: 162px;\"><\/td>\n<td style=\"border: 1px solid #000000; height: 162px;\">\n<div style=\"text-align: center;\"><a title=\"Profesorado de Artes Visuales_Resoluci\u00f3n_2888\/16_Dise\u00f1o_Curricular\" href=\"upload\/PAV_RES_2888_16.pdf\" target=\"_blank\" rel=\"noopener\"><img decoding=\"async\" title=\"PAV_RES_2888_16\" src=\"https:\/\/ipesco-scr.infd.edu.ar\/sitio\/wp-content\/uploads\/2018\/08\/PAV_RES_2888_16.png\" alt=\"PAV_RES_2888_16\" border=\"0\" \/><\/a><\/div>\n<\/td>\n<td style=\"border: 1px solid #000000; height: 162px;\"><\/td>\n<td style=\"border: 1px solid #000000; height: 162px;\">\n<div style=\"text-align: center;\"><a title=\"Profesorado de Educaci\u00f3n Especial con Orientaci\u00f3n en Discapacidad Intelectual_Resoluci\u00f3n_1846\/14_Dise\u00f1o_Curricular\" href=\"upload\/PEE_DI_RES_1846_14.pdf\" target=\"_blank\" rel=\"noopener\"><img decoding=\"async\" title=\"PEE_DI_RES_1846_14\" src=\"https:\/\/ipesco-scr.infd.edu.ar\/sitio\/wp-content\/uploads\/2018\/08\/PEE_DI_RES_1846_14.png\" alt=\"PEE_DI_RES_1846_14\" border=\"0\" \/><\/a><\/div>\n<\/td>\n<\/tr>\n<tr style=\"height: 65px;\">\n<td style=\"border: 1px solid #000000; height: 65px;\">\n<div style=\"text-align: center;\">Profesorado<\/div>\n<div style=\"text-align: center;\">de<\/div>\n<div style=\"text-align: center;\">Artes Visuales<\/div>\n<div style=\"text-align: center;\">Resoluci\u00f3n 2704\/14<\/div>\n<\/td>\n<td style=\"border: 1px solid #000000; height: 65px;\"><\/td>\n<td style=\"border: 1px solid #000000; height: 65px;\">\n<div style=\"text-align: center;\">Profesorado de<\/div>\n<div style=\"text-align: center;\">Artes Visuales<\/div>\n<div style=\"text-align: center;\">Resoluci\u00f3n 2888\/16<\/div>\n<div><span style=\"color: #000080;\"><strong>VIGENTE<\/strong><\/span><\/div>\n<\/td>\n<td style=\"border: 1px solid #000000; height: 65px;\"><\/td>\n<td style=\"border: 1px solid #000000; height: 65px;\">\n<div style=\"text-align: center;\">Profesorado\u00a0de<\/div>\n<div style=\"text-align: center;\">Educaci\u00f3n Especial<\/div>\n<div style=\"text-align: center;\">Orientaci\u00f3n<\/div>\n<div style=\"text-align: center;\">Discap. Intelectual<\/div>\n<div style=\"text-align: center;\">Resoluci\u00f3n 1846\/14<\/div>\n<\/td>\n<\/tr>\n<tr style=\"height: 13px;\">\n<td style=\"border: 1px solid #000000; height: 13px;\" colspan=\"5\"><\/td>\n<\/tr>\n<tr style=\"height: 162px;\">\n<td style=\"border: 1px solid #000000; height: 162px;\">\n<div style=\"text-align: center;\"><a title=\"Profesorado de Educaci\u00f3n Especial con Orientaci\u00f3n en Sordos e Hipoac\u00fasicos_Resoluci\u00f3n_1846\/14_Dise\u00f1o_Curricular\" href=\"upload\/PEE_SH_RES_1846_14.pdf\" target=\"_blank\" rel=\"noopener\"><img decoding=\"async\" title=\"PEE_SH_RES_1846_14\" src=\"https:\/\/ipesco-scr.infd.edu.ar\/sitio\/wp-content\/uploads\/2018\/08\/PEE_SH_RES_1846_14.png\" alt=\"PEE_SH_RES_1846_14\" border=\"0\" \/><\/a><\/div>\n<\/td>\n<td style=\"border: 1px solid #000000; height: 162px;\"><\/td>\n<td style=\"border: 1px solid #000000; height: 162px;\">\n<div style=\"text-align: center;\"><a title=\"Profesorado de Educaci\u00f3n Inicial_Resoluci\u00f3n_3077\/14_Parte_I_Dise\u00f1o_Curricular\" href=\"upload\/PEI_RES_3077_14_I.pdf\" target=\"_blank\" rel=\"noopener\"><img decoding=\"async\" title=\"PEI_RES_3077_14_Parte_I\" src=\"https:\/\/ipesco-scr.infd.edu.ar\/sitio\/wp-content\/uploads\/2018\/08\/PEI_RES_3077_14_I.png\" alt=\"PEI_RES_3077_14_Parte_I\" border=\"0\" \/><\/a><\/div>\n<\/td>\n<td style=\"border: 1px solid #000000; height: 162px;\"><\/td>\n<td style=\"border: 1px solid #000000; height: 162px;\">\n<div style=\"text-align: center;\"><a title=\"Profesorado de Educaci\u00f3n Inicial_Resoluci\u00f3n_3077\/14_Parte_II_Dise\u00f1o_Curricular\" href=\"upload\/PEI_RES_3077_14_II.pdf\" target=\"_blank\" rel=\"noopener\"><img decoding=\"async\" title=\"PEI_RES_3077_14_Parte_II\" src=\"https:\/\/ipesco-scr.infd.edu.ar\/sitio\/wp-content\/uploads\/2018\/08\/PEI_RES_3077_14_II.png\" alt=\"PEI_RES_3077_14_Parte_II\" border=\"0\" \/><\/a><\/div>\n<\/td>\n<\/tr>\n<tr style=\"height: 65px;\">\n<td style=\"text-align: center; border: 1px solid #000000; height: 65px;\">\n<div>Profesorado\u00a0de<\/div>\n<div>Educaci\u00f3n Especial<\/div>\n<div>Orientaci\u00f3n<\/div>\n<div>Sordos e Hipoac\u00fas.<\/div>\n<div>Resoluci\u00f3n 1846\/14<\/div>\n<\/td>\n<td style=\"border: 1px solid #000000; height: 65px;\"><\/td>\n<td style=\"text-align: center; border: 1px solid #000000; height: 65px;\">\n<div>Profesorado\u00a0de<\/div>\n<div>Educaci\u00f3n Inicial<\/div>\n<div>Parte I<\/div>\n<div>Resoluci\u00f3n 3077\/14<\/div>\n<\/td>\n<td style=\"border: 1px solid #000000; height: 65px;\"><\/td>\n<td style=\"text-align: center; border: 1px solid #000000; height: 65px;\">\u00a0Profesorado\u00a0de<\/p>\n<div style=\"text-align: center;\">Educaci\u00f3n Inicial<\/div>\n<div style=\"text-align: center;\">Parte II<\/div>\n<div style=\"text-align: center;\">Resoluci\u00f3n 3077\/14<\/div>\n<\/td>\n<\/tr>\n<tr style=\"height: 13px;\">\n<td style=\"border: 1px solid #000000; height: 13px;\" colspan=\"5\"><\/td>\n<\/tr>\n<tr style=\"height: 162px;\">\n<td style=\"border: 1px solid #000000; height: 162px;\">\n<div style=\"text-align: center;\"><a title=\"Profesorado de Educaci\u00f3n Inicial_Resoluci\u00f3n_3077\/14_Parte_III_Dise\u00f1o_Curricular\" href=\"upload\/PEI_RES_3077_14_III.pdf\" target=\"_blank\" rel=\"noopener\"><img decoding=\"async\" title=\"PEI_RES_3077_14_Parte_III\" src=\"https:\/\/ipesco-scr.infd.edu.ar\/sitio\/wp-content\/uploads\/2018\/08\/PEI_RES_3077_14_III.png\" alt=\"PEI_RES_3077_14_Parte_III\" border=\"0\" \/><\/a><\/div>\n<\/td>\n<td style=\"border: 1px solid #000000; height: 162px;\"><\/td>\n<td style=\"border: 1px solid #000000; height: 162px;\">\n<div style=\"text-align: center;\"><a title=\"Profesorado de Educaci\u00f3n Secundaria en Lengua y Literatura_Resoluci\u00f3n_1959\/15_Parte_I_Dise\u00f1o_Curricular\" href=\"upload\/PL_RES_1959_15_I.pdf\" target=\"_blank\" rel=\"noopener\"><img decoding=\"async\" title=\"PL_RES_1959_15_Parte_I\" src=\"https:\/\/ipesco-scr.infd.edu.ar\/sitio\/wp-content\/uploads\/2018\/08\/PL_RES_1959_15_I.png\" alt=\"PL_RES_1959_15_Parte_I\" border=\"0\" \/><\/a><\/div>\n<\/td>\n<td style=\"border: 1px solid #000000; height: 162px;\"><\/td>\n<td style=\"border: 1px solid #000000; height: 162px;\">\n<div style=\"text-align: center;\"><a title=\"Profesorado de Educaci\u00f3n Secundaria en Lengua y Literatura_Resoluci\u00f3n_1959\/15_Parte_II_Dise\u00f1o_Curricular\" href=\"upload\/PL_RES_1959_15_II.pdf\" target=\"_blank\" rel=\"noopener\"><img decoding=\"async\" title=\"PL_RES_1959_15_Parte_II\" src=\"https:\/\/ipesco-scr.infd.edu.ar\/sitio\/wp-content\/uploads\/2018\/08\/PL_RES_1959_15_II.png\" alt=\"PL_RES_1959_15_Parte_II\" border=\"0\" \/><\/a><\/div>\n<\/td>\n<\/tr>\n<tr style=\"height: 65px;\">\n<td style=\"text-align: center; border: 1px solid #000000; height: 65px;\">\u00a0Profesorado\u00a0de<\/p>\n<div>Educaci\u00f3n Inicial<\/div>\n<div>Parte III<\/div>\n<div>Resoluci\u00f3n 3077\/14<\/div>\n<\/td>\n<td style=\"border: 1px solid #000000; height: 65px;\"><\/td>\n<td style=\"text-align: center; border: 1px solid #000000; height: 65px;\">\u00a0\u00a0Profesorado\u00a0de<\/p>\n<div>Educaci\u00f3n Secundaria<\/div>\n<div>en Lengua y Literat. Parte I<\/div>\n<div>Resoluci\u00f3n 1959\/15<\/div>\n<div style=\"text-align: left;\"><strong><span style=\"color: #000080;\">VIGENTE<\/span><\/strong><\/div>\n<\/td>\n<td style=\"border: 1px solid #000000; height: 65px;\"><\/td>\n<td style=\"text-align: center; border: 1px solid #000000; height: 65px;\">\u00a0Profesorado\u00a0de<\/p>\n<div>Educaci\u00f3n Secundaria<\/div>\n<div>en Lengua y Literat. Parte II<\/div>\n<div>Resoluci\u00f3n 1959\/15<\/div>\n<div style=\"text-align: left;\"><strong>VIGENTE<\/strong><\/div>\n<\/td>\n<\/tr>\n<tr style=\"height: 162px;\">\n<td style=\"border: 1px solid #000000; height: 162px;\">\n<div style=\"text-align: center;\"><a title=\"Profesorado de M\u00fasica_Acuerdo_CPE_069\/12_Dise\u00f1o_Curricular\" href=\"upload\/PM_ACDO_069_12.pdf\" target=\"_blank\" rel=\"noopener\"><img decoding=\"async\" title=\"PM_ACDO_069_12\" src=\"https:\/\/ipesco-scr.infd.edu.ar\/sitio\/wp-content\/uploads\/2018\/08\/PM_ACDO_069_12.png\" alt=\"PM_ACDO_069_12\" border=\"0\" \/><\/a><\/div>\n<\/td>\n<td style=\"border: 1px solid #000000; height: 162px;\"><\/td>\n<td style=\"border: 1px solid #000000; height: 162px;\">\n<div style=\"text-align: center;\"><a title=\"Profesorado de M\u00fasica_Resoluci\u00f3n_2889\/16_Dise\u00f1o_Curricular\" href=\"upload\/PM_RES_2889_16.pdf\" target=\"_blank\" rel=\"noopener\"><img decoding=\"async\" title=\"PM_RES_2889_16\" src=\"https:\/\/ipesco-scr.infd.edu.ar\/sitio\/wp-content\/uploads\/2018\/08\/PM_RES_2889_16.png\" alt=\"PM_RES_2889_16\" border=\"0\" \/><\/a><\/div>\n<\/td>\n<td style=\"border: 1px solid #000000; height: 162px;\"><\/td>\n<td style=\"border: 1px solid #000000; text-align: center; height: 162px;\"><a title=\"Profesorado de Ingl\u00e9s_Resoluci\u00f3n_1194\/15_Parte I_Dise\u00f1o_Curricular\" href=\"upload\/PI_RES_1194_15_I.pdf\" target=\"_blank\" rel=\"noopener\">\u00a0<img decoding=\"async\" title=\"PI_RES_1194_15_Parte_I\" src=\"https:\/\/ipesco-scr.infd.edu.ar\/sitio\/wp-content\/uploads\/2018\/08\/PI_RES_1194_15_I.png\" alt=\"PI_RES_1194_15_Parte_I\" border=\"0\" \/><\/a><\/td>\n<\/tr>\n<tr style=\"height: 52px;\">\n<td style=\"text-align: center; border: 1px solid #000000; height: 52px;\">\u00a0Profesorado<\/p>\n<div>de<\/div>\n<div>M\u00fasica<\/div>\n<div>Acuerdo 069\/12<\/div>\n<\/td>\n<td style=\"border: 1px solid #000000; height: 52px;\"><\/td>\n<td style=\"text-align: center; border: 1px solid #000000; height: 52px;\">\u00a0\u00a0Profesorado<\/p>\n<div>de<\/div>\n<div>M\u00fasica<\/div>\n<div>Resoluci\u00f3n 2889\/16<\/div>\n<div style=\"text-align: left;\"><span style=\"color: #000080;\"><strong>VIGENTE<\/strong><\/span><\/div>\n<\/td>\n<td style=\"border: 1px solid #000000; height: 52px;\"><\/td>\n<td style=\"border: 1px solid #000000; text-align: center; height: 52px;\">\u00a0\u00a0Profesorado de Ingl\u00e9s<\/p>\n<div>Parte I<\/div>\n<div>Resoluci\u00f3n 1194\/15<\/div>\n<\/td>\n<\/tr>\n<tr style=\"height: 162px;\">\n<td style=\"text-align: center; border: 1px solid #000000; height: 162px;\"><a title=\"Profesorado de Ingl\u00e9s_Resoluci\u00f3n_1194\/15_Parte II_Dise\u00f1o_Curricular\" href=\"upload\/PI_RES_1194_15_II.pdf\" target=\"_blank\" rel=\"noopener\"><img decoding=\"async\" title=\"PI_RES_1194_15_Parte_II\" src=\"https:\/\/ipesco-scr.infd.edu.ar\/sitio\/wp-content\/uploads\/2018\/08\/PI_RES_1194_15_II.png\" alt=\"PI_RES_1194_15_Parte_II\" border=\"0\" \/><\/a><\/td>\n<td style=\"border: 1px solid #000000; height: 162px;\"><\/td>\n<td style=\"text-align: center; border: 1px solid #000000; height: 162px;\"><a title=\"Profesorado de Ingl\u00e9s\" href=\"upload\/PI_Homologacion_048_18.pdf\" target=\"_blank\" rel=\"noopener\"><img decoding=\"async\" loading=\"lazy\" title=\"Homologaci\u00f3n_AC_048_18\" src=\"https:\/\/ipesco-scr.infd.edu.ar\/sitio\/wp-content\/uploads\/2018\/08\/PI_homologacion_048_18.png\" alt=\"Homologaci\u00f3n_AC_048_18\" width=\"111\" height=\"160\" border=\"0\" \/><\/a><\/td>\n<td style=\"border: 1px solid #000000; height: 162px;\"><\/td>\n<td style=\"border: 1px solid #000000; text-align: center; height: 162px;\"><\/td>\n<\/tr>\n<tr style=\"height: 30px;\">\n<td style=\"text-align: center; border: 1px solid #000000; height: 30px;\">\n<pre>\u00a0\u00a0<span style=\"font-family: arial, helvetica, sans-serif;\">Profesorado\u00a0de\u00a0Ingl\u00e9s<\/span>\n<span style=\"font-family: arial, helvetica, sans-serif;\">Parte II<\/span>\n<span style=\"font-family: arial, helvetica, sans-serif;\">Resoluci\u00f3n 1194\/15\u00a0<\/span><\/pre>\n<\/td>\n<td style=\"border: 1px solid #000000; height: 30px;\"><\/td>\n<td style=\"text-align: center; border: 1px solid #000000; height: 30px;\">\n<pre><span style=\"font-family: arial, helvetica, sans-serif;\">Profesorado\u00a0de\u00a0Ingl\u00e9s<\/span>\n<span style=\"font-family: arial, helvetica, sans-serif;\">Acuerdo 048\/18\n<\/span><span style=\"font-family: arial, helvetica, sans-serif;\">Homolog.\/Correlativ.\u00a0<\/span><\/pre>\n<\/td>\n<td style=\"border: 1px solid #000000; height: 30px;\"><\/td>\n<td style=\"border: 1px solid #000000; text-align: center; height: 30px;\"><\/td>\n<\/tr>\n<\/tbody>\n<\/table>\n<h1><\/h1>\n<h1 style=\"text-align: center;\"><span style=\"color: #0000ff;\">NUEVOS DISE\u00d1OS CURRICULARES<\/span><\/h1>\n<ul>\n<li><a href=\"https:\/\/ipesco-scr.infd.edu.ar\/sitio\/wp-content\/uploads\/2020\/03\/PROF.-ED.-ESPECIAL-O.D.-INTELECTUAL-Res-0295-19-CPE.pdf\">Profesorado de Educaci\u00f3n Especial con orientaci\u00f3n en Discapacidad Intelectual &#8211; Resoluci\u00f3n Pte. CPE N\u00b0 0295\/18<\/a> &#8211; <strong><span style=\"color: #000080;\">VIGENTE<\/span><\/strong><\/li>\n<li><a href=\"https:\/\/ipesco-scr.infd.edu.ar\/sitio\/wp-content\/uploads\/2020\/03\/PROF.-ED.-ESPECIAL-O.D.-SORDOS-E-HIPOAC\u00daSICOS-Res.-0295-19-CPE.pdf\">Profesorado de Educaci\u00f3n Especial con orientaci\u00f3n en Sordos e Hipoac\u00fasicos &#8211; Resoluci\u00f3n Pte. CPE N\u00b0 0295\/18<\/a> &#8211; <strong><span style=\"color: #000080;\">VIGENTE<\/span><\/strong><\/li>\n<li><a href=\"https:\/\/ipesco-scr.infd.edu.ar\/sitio\/profesorado-de-ingles-4\/\" target=\"_blank\" rel=\"noopener\">Profesorado de Ingl\u00e9s &#8211; Resoluci\u00f3n N\u00b0 658\/21 CPE<\/a> &#8211; Implementaci\u00f3n a partir 2021.- <strong><span style=\"color: #000080;\">VIGENTE<\/span><\/strong><\/li>\n<li><a href=\"https:\/\/drive.google.com\/file\/d\/1g43g1b_6ZGFJJCN_g8MY2hXl9yfIsoe7\/view?usp=sharing\">Profesorado de M\u00fasica &#8211; Resoluci\u00f3n N\u00b0 1362\/23 CPE<\/a> &#8211; Implementaci\u00f3n a partir 2023 &#8211; <strong>VIGENTE<\/strong><\/li>\n<li><a href=\"https:\/\/drive.google.com\/file\/d\/1GhM80xQdBGedFcVt312iLDj3_Oamb9Fh\/view?usp=sharing\">Profesorado de Artes Visuales &#8211; Resoluci\u00f3n N\u00b0 1449\/23 CPE<\/a> &#8211; Implementaci\u00f3n a partir 2023 &#8211; <strong>VIGENTE<\/strong><\/li>\n<li><a href=\"https:\/\/drive.google.com\/file\/d\/1UCVOkPojVxNEtR_Qz5HXm0la2ApZRPye\/view?usp=sharing\">Profesorado de Educaci\u00f3n Secundaria en Lengua y Literatura &#8211; Resoluci\u00f3n N\u00b0 1415\/23 CPE<\/a> &#8211; Implementaci\u00f3n a partir 2023 &#8211; <strong>VIGENTE<\/strong><\/li>\n<\/ul>\n","protected":false},"excerpt":{"rendered":"<p>Planes de Estudio de los Profesorados La formaci\u00f3n docente comprende dos momentos principales: la formaci\u00f3n docente inicial que refiere al trayecto que el estudiante realiza en el profesorado hasta finalizar sus estudios, y la formaci\u00f3n permanente, la cual es desarrollada por el docente a lo largo de toda su carrera. \u00a0La formaci\u00f3n docente inicial La &#8230; <a title=\"Planes de Estudio\" class=\"read-more\" href=\"https:\/\/ipesco-scr.infd.edu.ar\/sitio\/planes-de-estudio\/\" aria-label=\"More on Planes de Estudio\">[+]<\/a><\/p>\n","protected":false},"author":1759,"featured_media":0,"parent":0,"menu_order":0,"comment_status":"closed","ping_status":"closed","template":"","meta":[],"acf":[],"_links":{"self":[{"href":"https:\/\/ipesco-scr.infd.edu.ar\/sitio\/wp-json\/wp\/v2\/pages\/1571"}],"collection":[{"href":"https:\/\/ipesco-scr.infd.edu.ar\/sitio\/wp-json\/wp\/v2\/pages"}],"about":[{"href":"https:\/\/ipesco-scr.infd.edu.ar\/sitio\/wp-json\/wp\/v2\/types\/page"}],"author":[{"embeddable":true,"href":"https:\/\/ipesco-scr.infd.edu.ar\/sitio\/wp-json\/wp\/v2\/users\/1759"}],"replies":[{"embeddable":true,"href":"https:\/\/ipesco-scr.infd.edu.ar\/sitio\/wp-json\/wp\/v2\/comments?post=1571"}],"version-history":[{"count":11,"href":"https:\/\/ipesco-scr.infd.edu.ar\/sitio\/wp-json\/wp\/v2\/pages\/1571\/revisions"}],"predecessor-version":[{"id":7298,"href":"https:\/\/ipesco-scr.infd.edu.ar\/sitio\/wp-json\/wp\/v2\/pages\/1571\/revisions\/7298"}],"wp:attachment":[{"href":"https:\/\/ipesco-scr.infd.edu.ar\/sitio\/wp-json\/wp\/v2\/media?parent=1571"}],"curies":[{"name":"wp","href":"https:\/\/api.w.org\/{rel}","templated":true}]}}